{"id":2,"date":"2023-04-02T21:04:03","date_gmt":"2023-04-02T21:04:03","guid":{"rendered":"https:\/\/digilab.ifdt.bg.ac.rs\/?page_id=2"},"modified":"2024-01-31T09:14:00","modified_gmt":"2024-01-31T09:14:00","slug":"sample-page","status":"publish","type":"page","link":"https:\/\/digilab.ifdt.bg.ac.rs\/","title":{"rendered":""},"content":{"rendered":"\n<figure class=\"wp-block-image size-large\"><a href=\"https:\/\/digilab.ifdt.bg.ac.rs\/\"><img loading=\"lazy\" decoding=\"async\" width=\"1024\" height=\"365\" src=\"https:\/\/digilab.ifdt.bg.ac.rs\/wp-content\/uploads\/2023\/04\/Digital-Society-Lab-1024x365.jpg\" alt=\"\" class=\"wp-image-10\" srcset=\"https:\/\/digilab.ifdt.bg.ac.rs\/wp-content\/uploads\/2023\/04\/Digital-Society-Lab-1024x365.jpg 1024w, https:\/\/digilab.ifdt.bg.ac.rs\/wp-content\/uploads\/2023\/04\/Digital-Society-Lab-300x107.jpg 300w, https:\/\/digilab.ifdt.bg.ac.rs\/wp-content\/uploads\/2023\/04\/Digital-Society-Lab-768x274.jpg 768w, https:\/\/digilab.ifdt.bg.ac.rs\/wp-content\/uploads\/2023\/04\/Digital-Society-Lab.jpg 1080w\" sizes=\"auto, (max-width: 1024px) 100vw, 1024px\" \/><\/a><\/figure>\n\n\n\n<h2 class=\"wp-block-heading\">News<\/h2>\n\n\n\n<p class=\"has-tertiary-background-color has-background\"><br>1 January 2024<br>EMERGE 2023 talks are now public on YouTube.<br><a href=\"https:\/\/www.youtube.com\/watch?v=xioQZW0e0zk&amp;list=PLxYbh6oD_DS00NyYL9B6BnSq2TnuM6YLf&amp;index=2\" data-type=\"link\" data-id=\"https:\/\/www.youtube.com\/watch?v=xioQZW0e0zk&amp;list=PLxYbh6oD_DS00NyYL9B6BnSq2TnuM6YLf&amp;index=2\" target=\"_blank\" rel=\"noreferrer noopener\">Watch now &gt;<\/a>   <a href=\"https:\/\/emerge.ifdt.bg.ac.rs\/\" data-type=\"link\" data-id=\"https:\/\/emerge.ifdt.bg.ac.rs\/\" target=\"_blank\" rel=\"noreferrer noopener\">Read more &gt;<\/a><br><\/p>\n\n\n\n<p><a href=\"https:\/\/digilab.ifdt.bg.ac.rs\/?page_id=91\">All news &gt;<\/a><\/p>\n\n\n\n<div style=\"height:100px\" aria-hidden=\"true\" class=\"wp-block-spacer\"><\/div>\n\n\n\n<h2 class=\"wp-block-heading\" id=\"About\">About<\/h2>\n\n\n\n<p>Digital Society Lab at the <a rel=\"noreferrer noopener\" href=\"https:\/\/ifdt.bg.ac.rs\/?lang=en\" target=\"_blank\">Institute for Philosophy and Social Theory<\/a>, University of Belgrade explores the impact of information and communication technologies on society, politics, economy, industry, culture, and art practices, examining how the processes of ubiquitous digitalization affect and transform all aspects of our lives on both the individual and collective level.<\/p>\n\n\n\n<p><a href=\"https:\/\/digilab.ifdt.bg.ac.rs\/?page_id=32\">Learn more &gt;<\/a><\/p>\n\n\n\n<div style=\"height:100px\" aria-hidden=\"true\" class=\"wp-block-spacer\"><\/div>\n\n\n\n<h2 class=\"wp-block-heading\" id=\"Emerge\">Emerge Forum<\/h2>\n\n\n\n<p>DigiLab\u2019s annual event is EMERGE: Digital Society Now, which connects actors from the tech industry, policy makers, and academic researchers in discussing the social and economic impact of emerging technologies.<\/p>\n\n\n\n<p><a href=\"https:\/\/emerge.ifdt.bg.ac.rs\/\" target=\"_blank\" rel=\"noreferrer noopener\">Read more &gt;<\/a><\/p>\n\n\n\n<figure class=\"wp-block-embed is-type-video is-provider-youtube wp-block-embed-youtube wp-embed-aspect-16-9 wp-has-aspect-ratio\"><div class=\"wp-block-embed__wrapper\">\n<iframe loading=\"lazy\" title=\"Silvia Milano - Preferences and alignment in AI systems\" width=\"500\" height=\"281\" src=\"https:\/\/www.youtube.com\/embed\/xioQZW0e0zk?list=PLxYbh6oD_DS00NyYL9B6BnSq2TnuM6YLf\" frameborder=\"0\" allow=\"accelerometer; autoplay; clipboard-write; encrypted-media; gyroscope; picture-in-picture; web-share\" referrerpolicy=\"strict-origin-when-cross-origin\" allowfullscreen><\/iframe>\n<\/div><\/figure>\n\n\n\n<div style=\"height:100px\" aria-hidden=\"true\" class=\"wp-block-spacer\"><\/div>\n\n\n\n<h2 class=\"wp-block-heading\" id=\"Pledge\">Belgrade Digital Freedom Pledge <\/h2>\n\n\n\n<p>At the Emerge Forum on the Future of AI-Driven Humanity in December 2022, a group of scientists and representatives from non-governmental organizations (NGOs) signed the Belgrade Digital Freedom Pledge. This pledge aims to spark global conversations about proclaiming AI recommender algorithms utilized by large online platforms as public goods and recognizing digital identity as a human right, among other topics.<\/p>\n\n\n\n<p><a href=\"https:\/\/digfreedom.ifdt.bg.ac.rs\/\">Learn more &amp; Sign &gt;<\/a><\/p>\n\n\n\n<figure class=\"wp-block-embed is-type-video is-provider-youtube wp-block-embed-youtube wp-embed-aspect-16-9 wp-has-aspect-ratio\"><div class=\"wp-block-embed__wrapper\">\n<iframe loading=\"lazy\" title=\"Signing of the Belgrade Digital Freedom Pledge\" width=\"500\" height=\"281\" src=\"https:\/\/www.youtube.com\/embed\/wZuXj7TlxTo?feature=oembed\" frameborder=\"0\" allow=\"accelerometer; autoplay; clipboard-write; encrypted-media; gyroscope; picture-in-picture; web-share\" referrerpolicy=\"strict-origin-when-cross-origin\" allowfullscreen><\/iframe>\n<\/div><\/figure>\n\n\n\n<div style=\"height:100px\" aria-hidden=\"true\" class=\"wp-block-spacer\"><\/div>\n\n\n\n<h2 class=\"wp-block-heading\" id=\"Projects\">Projects<\/h2>\n\n\n\n<p class=\"has-tertiary-background-color has-background\"><br><br>1 December 2023 \u2013 30 November 2024<br><a href=\"https:\/\/www.circle-u.eu\/news\/2023\/thirteen-new-projects-selected-to-boost-circle-u.html\" data-type=\"link\" data-id=\"https:\/\/www.circle-u.eu\/news\/2023\/thirteen-new-projects-selected-to-boost-circle-u.html\" target=\"_blank\" rel=\"noreferrer noopener\"><strong>Generative AI, health literacy and well-being of citizens<\/strong><\/a>, AIHealth project awarded by the CircleU, European University Alliance as part of the Seed Funding Scheme, Grant Agreement N\u00b02024-09<br><br>2023-2026<br><strong><a href=\"https:\/\/www.twon-project.eu\/\" data-type=\"link\" data-id=\"https:\/\/www.twon-project.eu\/\" target=\"_blank\" rel=\"noreferrer noopener\">Twin of Online Social Networks<\/a><\/strong>, funded by H2022 Grant Agreement No.101095095<br><\/p>\n\n\n\n<div style=\"height:100px\" aria-hidden=\"true\" class=\"wp-block-spacer\"><\/div>\n\n\n\n<h2 class=\"wp-block-heading\" id=\"Researchers\">Researchers<\/h2>\n\n\n\n<div class=\"wp-block-columns is-layout-flex wp-container-core-columns-is-layout-28f84493 wp-block-columns-is-layout-flex\">\n<div class=\"wp-block-column is-layout-flow wp-block-column-is-layout-flow\">\n<figure class=\"wp-block-image size-large\"><img loading=\"lazy\" decoding=\"async\" width=\"1024\" height=\"1024\" src=\"https:\/\/digilab.ifdt.bg.ac.rs\/wp-content\/uploads\/2023\/04\/Ljubisa_Bojic-1024x1024.jpg\" alt=\"\" class=\"wp-image-13\" srcset=\"https:\/\/digilab.ifdt.bg.ac.rs\/wp-content\/uploads\/2023\/04\/Ljubisa_Bojic-1024x1024.jpg 1024w, https:\/\/digilab.ifdt.bg.ac.rs\/wp-content\/uploads\/2023\/04\/Ljubisa_Bojic-300x300.jpg 300w, https:\/\/digilab.ifdt.bg.ac.rs\/wp-content\/uploads\/2023\/04\/Ljubisa_Bojic-150x150.jpg 150w, https:\/\/digilab.ifdt.bg.ac.rs\/wp-content\/uploads\/2023\/04\/Ljubisa_Bojic-768x768.jpg 768w, https:\/\/digilab.ifdt.bg.ac.rs\/wp-content\/uploads\/2023\/04\/Ljubisa_Bojic.jpg 1053w\" sizes=\"auto, (max-width: 1024px) 100vw, 1024px\" \/><\/figure>\n\n\n\n<p><a rel=\"noreferrer noopener\" href=\"https:\/\/ifdt.bg.ac.rs\/index.php\/dt_team\/bojic-ljubisa\/?lang=en\" target=\"_blank\">Ljubisa Bojic<\/a><br>Coordinator<br>IFDT, University of Belgrade<\/p>\n<\/div>\n\n\n\n<div class=\"wp-block-column is-layout-flow wp-block-column-is-layout-flow\">\n<figure class=\"wp-block-image size-full\"><img loading=\"lazy\" decoding=\"async\" width=\"500\" height=\"500\" src=\"https:\/\/digilab.ifdt.bg.ac.rs\/wp-content\/uploads\/2023\/04\/Jelena_Guga.jpg\" alt=\"\" class=\"wp-image-15\" srcset=\"https:\/\/digilab.ifdt.bg.ac.rs\/wp-content\/uploads\/2023\/04\/Jelena_Guga.jpg 500w, https:\/\/digilab.ifdt.bg.ac.rs\/wp-content\/uploads\/2023\/04\/Jelena_Guga-300x300.jpg 300w, https:\/\/digilab.ifdt.bg.ac.rs\/wp-content\/uploads\/2023\/04\/Jelena_Guga-150x150.jpg 150w\" sizes=\"auto, (max-width: 500px) 100vw, 500px\" \/><\/figure>\n\n\n\n<p><a rel=\"noreferrer noopener\" href=\"https:\/\/ifdt.bg.ac.rs\/index.php\/dt_team\/guga-jelena\/?lang=en\" target=\"_blank\">Jelena Guga <\/a>Coordinator<br>IFDT, University of Belgrade<\/p>\n<\/div>\n\n\n\n<div class=\"wp-block-column is-layout-flow wp-block-column-is-layout-flow\">\n<figure class=\"wp-block-image size-large\"><img loading=\"lazy\" decoding=\"async\" width=\"1024\" height=\"1024\" src=\"https:\/\/digilab.ifdt.bg.ac.rs\/wp-content\/uploads\/2023\/04\/Cedomir-Markov-1024x1024.jpg\" alt=\"\" class=\"wp-image-16\" srcset=\"https:\/\/digilab.ifdt.bg.ac.rs\/wp-content\/uploads\/2023\/04\/Cedomir-Markov-1024x1024.jpg 1024w, https:\/\/digilab.ifdt.bg.ac.rs\/wp-content\/uploads\/2023\/04\/Cedomir-Markov-300x300.jpg 300w, https:\/\/digilab.ifdt.bg.ac.rs\/wp-content\/uploads\/2023\/04\/Cedomir-Markov-150x150.jpg 150w, https:\/\/digilab.ifdt.bg.ac.rs\/wp-content\/uploads\/2023\/04\/Cedomir-Markov-768x768.jpg 768w, https:\/\/digilab.ifdt.bg.ac.rs\/wp-content\/uploads\/2023\/04\/Cedomir-Markov.jpg 1051w\" sizes=\"auto, (max-width: 1024px) 100vw, 1024px\" \/><\/figure>\n\n\n\n<p><a rel=\"noreferrer noopener\" href=\"https:\/\/ifdt.bg.ac.rs\/index.php\/dt_team\/cedomir-markov\/?lang=en\" target=\"_blank\">Cedomir Markov<\/a><br>IFDT, University of Belgrade<\/p>\n<\/div>\n\n\n\n<div class=\"wp-block-column is-layout-flow wp-block-column-is-layout-flow\">\n<figure class=\"wp-block-image size-full\"><img loading=\"lazy\" decoding=\"async\" width=\"500\" height=\"500\" src=\"https:\/\/digilab.ifdt.bg.ac.rs\/wp-content\/uploads\/2023\/04\/Vera_Mevorah.jpg\" alt=\"\" class=\"wp-image-17\" srcset=\"https:\/\/digilab.ifdt.bg.ac.rs\/wp-content\/uploads\/2023\/04\/Vera_Mevorah.jpg 500w, https:\/\/digilab.ifdt.bg.ac.rs\/wp-content\/uploads\/2023\/04\/Vera_Mevorah-300x300.jpg 300w, https:\/\/digilab.ifdt.bg.ac.rs\/wp-content\/uploads\/2023\/04\/Vera_Mevorah-150x150.jpg 150w\" sizes=\"auto, (max-width: 500px) 100vw, 500px\" \/><\/figure>\n\n\n\n<p><a rel=\"noreferrer noopener\" href=\"https:\/\/ifdt.bg.ac.rs\/index.php\/dt_team\/mevorah-vera\/?lang=en\" target=\"_blank\">Vera Mevorah<\/a><br>IFDT, University of Belgrade<\/p>\n<\/div>\n<\/div>\n\n\n\n<div class=\"wp-block-columns is-layout-flex wp-container-core-columns-is-layout-28f84493 wp-block-columns-is-layout-flex\">\n<div class=\"wp-block-column is-layout-flow wp-block-column-is-layout-flow\">\n<figure class=\"wp-block-image size-full\"><img loading=\"lazy\" decoding=\"async\" width=\"300\" height=\"300\" src=\"https:\/\/digilab.ifdt.bg.ac.rs\/wp-content\/uploads\/2023\/04\/Vladimir_Cvetkovic.jpg\" alt=\"\" class=\"wp-image-18\" srcset=\"https:\/\/digilab.ifdt.bg.ac.rs\/wp-content\/uploads\/2023\/04\/Vladimir_Cvetkovic.jpg 300w, https:\/\/digilab.ifdt.bg.ac.rs\/wp-content\/uploads\/2023\/04\/Vladimir_Cvetkovic-150x150.jpg 150w\" sizes=\"auto, (max-width: 300px) 100vw, 300px\" \/><\/figure>\n\n\n\n<p><a rel=\"noreferrer noopener\" href=\"https:\/\/ifdt.bg.ac.rs\/index.php\/dt_team\/cvetkovic-vladimir\/?lang=en\" target=\"_blank\">Vladimir Cvetkovic<\/a><br>IFDT, University of Belgrade<\/p>\n<\/div>\n\n\n\n<div class=\"wp-block-column is-layout-flow wp-block-column-is-layout-flow\">\n<figure class=\"wp-block-image size-full\"><img loading=\"lazy\" decoding=\"async\" width=\"684\" height=\"684\" src=\"https:\/\/digilab.ifdt.bg.ac.rs\/wp-content\/uploads\/2023\/05\/simona3.png\" alt=\"\" class=\"wp-image-164\" srcset=\"https:\/\/digilab.ifdt.bg.ac.rs\/wp-content\/uploads\/2023\/05\/simona3.png 684w, https:\/\/digilab.ifdt.bg.ac.rs\/wp-content\/uploads\/2023\/05\/simona3-300x300.png 300w, https:\/\/digilab.ifdt.bg.ac.rs\/wp-content\/uploads\/2023\/05\/simona3-150x150.png 150w\" sizes=\"auto, (max-width: 684px) 100vw, 684px\" \/><\/figure>\n\n\n\n<p><a rel=\"noreferrer noopener\" href=\"https:\/\/ifdt.bg.ac.rs\/index.php\/dt_team\/zikic-simona\/?lang=en\" target=\"_blank\">Simona Zikic<\/a><br>IFDT, University of Belgrade<\/p>\n<\/div>\n\n\n\n<div class=\"wp-block-column is-layout-flow wp-block-column-is-layout-flow\">\n<figure class=\"wp-block-image size-full\"><img loading=\"lazy\" decoding=\"async\" width=\"500\" height=\"500\" src=\"https:\/\/digilab.ifdt.bg.ac.rs\/wp-content\/uploads\/2023\/04\/Jelena_Novakovic.jpg\" alt=\"\" class=\"wp-image-20\" srcset=\"https:\/\/digilab.ifdt.bg.ac.rs\/wp-content\/uploads\/2023\/04\/Jelena_Novakovic.jpg 500w, https:\/\/digilab.ifdt.bg.ac.rs\/wp-content\/uploads\/2023\/04\/Jelena_Novakovic-300x300.jpg 300w, https:\/\/digilab.ifdt.bg.ac.rs\/wp-content\/uploads\/2023\/04\/Jelena_Novakovic-150x150.jpg 150w\" sizes=\"auto, (max-width: 500px) 100vw, 500px\" \/><\/figure>\n\n\n\n<p><a rel=\"noreferrer noopener\" href=\"https:\/\/ifdt.bg.ac.rs\/index.php\/dt_team\/novakovic-jelena\/?lang=en\" target=\"_blank\">Jelena Novakovic<\/a><br>IFDT, University of Belgrade<\/p>\n<\/div>\n\n\n\n<div class=\"wp-block-column is-layout-flow wp-block-column-is-layout-flow\">\n<figure class=\"wp-block-image size-full\"><img loading=\"lazy\" decoding=\"async\" width=\"500\" height=\"500\" src=\"https:\/\/digilab.ifdt.bg.ac.rs\/wp-content\/uploads\/2023\/04\/Ana_Lipij.jpg\" alt=\"\" class=\"wp-image-21\" srcset=\"https:\/\/digilab.ifdt.bg.ac.rs\/wp-content\/uploads\/2023\/04\/Ana_Lipij.jpg 500w, https:\/\/digilab.ifdt.bg.ac.rs\/wp-content\/uploads\/2023\/04\/Ana_Lipij-300x300.jpg 300w, https:\/\/digilab.ifdt.bg.ac.rs\/wp-content\/uploads\/2023\/04\/Ana_Lipij-150x150.jpg 150w\" sizes=\"auto, (max-width: 500px) 100vw, 500px\" \/><\/figure>\n\n\n\n<p><a rel=\"noreferrer noopener\" href=\"https:\/\/ifdt.bg.ac.rs\/index.php\/dt_team\/lipij-ana\/?lang=en\" target=\"_blank\">Ana Lipij<\/a><br>IFDT, University of Belgrade<\/p>\n<\/div>\n<\/div>\n\n\n\n<div class=\"wp-block-columns is-layout-flex wp-container-core-columns-is-layout-28f84493 wp-block-columns-is-layout-flex\">\n<div class=\"wp-block-column is-layout-flow wp-block-column-is-layout-flow\">\n<figure class=\"wp-block-image size-full\"><img loading=\"lazy\" decoding=\"async\" width=\"400\" height=\"400\" src=\"https:\/\/digilab.ifdt.bg.ac.rs\/wp-content\/uploads\/2023\/04\/Mirjana_Necak.jpg\" alt=\"\" class=\"wp-image-110\" srcset=\"https:\/\/digilab.ifdt.bg.ac.rs\/wp-content\/uploads\/2023\/04\/Mirjana_Necak.jpg 400w, https:\/\/digilab.ifdt.bg.ac.rs\/wp-content\/uploads\/2023\/04\/Mirjana_Necak-300x300.jpg 300w, https:\/\/digilab.ifdt.bg.ac.rs\/wp-content\/uploads\/2023\/04\/Mirjana_Necak-150x150.jpg 150w\" sizes=\"auto, (max-width: 400px) 100vw, 400px\" \/><\/figure>\n\n\n\n<p><a rel=\"noreferrer noopener\" href=\"https:\/\/rs.linkedin.com\/in\/mirjananecak\" target=\"_blank\">Mirjana Necak<\/a><br>IFDT, University of Belgrade<\/p>\n<\/div>\n\n\n\n<div class=\"wp-block-column is-layout-flow wp-block-column-is-layout-flow\">\n<figure class=\"wp-block-image size-full\"><img loading=\"lazy\" decoding=\"async\" width=\"374\" height=\"374\" src=\"https:\/\/digilab.ifdt.bg.ac.rs\/wp-content\/uploads\/2023\/05\/balsa4.png\" alt=\"\" class=\"wp-image-172\" srcset=\"https:\/\/digilab.ifdt.bg.ac.rs\/wp-content\/uploads\/2023\/05\/balsa4.png 374w, https:\/\/digilab.ifdt.bg.ac.rs\/wp-content\/uploads\/2023\/05\/balsa4-300x300.png 300w, https:\/\/digilab.ifdt.bg.ac.rs\/wp-content\/uploads\/2023\/05\/balsa4-150x150.png 150w\" sizes=\"auto, (max-width: 374px) 100vw, 374px\" \/><\/figure>\n\n\n\n<p><a rel=\"noreferrer noopener\" href=\"https:\/\/ifdt.bg.ac.rs\/index.php\/dt_team\/delibasic-balsa\/?lang=en\" target=\"_blank\">Balsa Delibasic<\/a><br>IFDT, University of Belgrade<\/p>\n<\/div>\n\n\n\n<div class=\"wp-block-column is-layout-flow wp-block-column-is-layout-flow\">\n<figure class=\"wp-block-image size-large\"><img loading=\"lazy\" decoding=\"async\" width=\"1024\" height=\"1024\" src=\"https:\/\/digilab.ifdt.bg.ac.rs\/wp-content\/uploads\/2023\/05\/walid-high-resolution-square-1024x1024.png\" alt=\"\" class=\"wp-image-154\" srcset=\"https:\/\/digilab.ifdt.bg.ac.rs\/wp-content\/uploads\/2023\/05\/walid-high-resolution-square-1024x1024.png 1024w, https:\/\/digilab.ifdt.bg.ac.rs\/wp-content\/uploads\/2023\/05\/walid-high-resolution-square-300x300.png 300w, https:\/\/digilab.ifdt.bg.ac.rs\/wp-content\/uploads\/2023\/05\/walid-high-resolution-square-150x150.png 150w, https:\/\/digilab.ifdt.bg.ac.rs\/wp-content\/uploads\/2023\/05\/walid-high-resolution-square-768x768.png 768w, https:\/\/digilab.ifdt.bg.ac.rs\/wp-content\/uploads\/2023\/05\/walid-high-resolution-square.png 1327w\" sizes=\"auto, (max-width: 1024px) 100vw, 1024px\" \/><\/figure>\n\n\n\n<p><a rel=\"noreferrer noopener\" href=\"https:\/\/www.sh.se\/english\/sodertorn-university\/contact\/researchers\/walid-al-saqaf\" target=\"_blank\">Walid Al-Saqaf<\/a><br>S\u00f6dert\u00f6rn University<\/p>\n<\/div>\n<\/div>\n\n\n\n<div class=\"wp-block-columns is-layout-flex wp-container-core-columns-is-layout-28f84493 wp-block-columns-is-layout-flex\">\n<div class=\"wp-block-column is-layout-flow wp-block-column-is-layout-flow\">\n<figure class=\"wp-block-image size-full\"><img loading=\"lazy\" decoding=\"async\" width=\"400\" height=\"400\" src=\"https:\/\/digilab.ifdt.bg.ac.rs\/wp-content\/uploads\/2023\/05\/Nina-Khamsy_ANSO.jpg\" alt=\"\" class=\"wp-image-141\" srcset=\"https:\/\/digilab.ifdt.bg.ac.rs\/wp-content\/uploads\/2023\/05\/Nina-Khamsy_ANSO.jpg 400w, https:\/\/digilab.ifdt.bg.ac.rs\/wp-content\/uploads\/2023\/05\/Nina-Khamsy_ANSO-300x300.jpg 300w, https:\/\/digilab.ifdt.bg.ac.rs\/wp-content\/uploads\/2023\/05\/Nina-Khamsy_ANSO-150x150.jpg 150w\" sizes=\"auto, (max-width: 400px) 100vw, 400px\" \/><\/figure>\n\n\n\n<p><a href=\"https:\/\/www.graduateinstitute.ch\/discover-institute\/nina-khamsy\" target=\"_blank\" rel=\"noreferrer noopener\">Nina Khamsy<\/a><br>Geneva Graduate Institute<\/p>\n<\/div>\n\n\n\n<div class=\"wp-block-column is-layout-flow wp-block-column-is-layout-flow\">\n<figure class=\"wp-block-image size-large\"><img loading=\"lazy\" decoding=\"async\" width=\"1024\" height=\"1024\" src=\"https:\/\/digilab.ifdt.bg.ac.rs\/wp-content\/uploads\/2023\/05\/Milos-Agatonovic-1024x1024.jpg\" alt=\"\" class=\"wp-image-153\" srcset=\"https:\/\/digilab.ifdt.bg.ac.rs\/wp-content\/uploads\/2023\/05\/Milos-Agatonovic-1024x1024.jpg 1024w, https:\/\/digilab.ifdt.bg.ac.rs\/wp-content\/uploads\/2023\/05\/Milos-Agatonovic-300x300.jpg 300w, https:\/\/digilab.ifdt.bg.ac.rs\/wp-content\/uploads\/2023\/05\/Milos-Agatonovic-150x150.jpg 150w, https:\/\/digilab.ifdt.bg.ac.rs\/wp-content\/uploads\/2023\/05\/Milos-Agatonovic-768x768.jpg 768w, https:\/\/digilab.ifdt.bg.ac.rs\/wp-content\/uploads\/2023\/05\/Milos-Agatonovic.jpg 1071w\" sizes=\"auto, (max-width: 1024px) 100vw, 1024px\" \/><\/figure>\n\n\n\n<p><a rel=\"noreferrer noopener\" href=\"https:\/\/philpeople.org\/profiles\/milos-agatonovic\" target=\"_blank\">Milos Agatonovic<\/a><br>The Academy of Applied Preschool Teaching and Health Studies<\/p>\n<\/div>\n\n\n\n<div class=\"wp-block-column is-layout-flow wp-block-column-is-layout-flow\">\n<figure class=\"wp-block-image size-full\"><img loading=\"lazy\" decoding=\"async\" width=\"826\" height=\"826\" src=\"https:\/\/digilab.ifdt.bg.ac.rs\/wp-content\/uploads\/2023\/05\/Masa_Senicic_foto_Jana_Radicevic.jpg\" alt=\"\" class=\"wp-image-156\" srcset=\"https:\/\/digilab.ifdt.bg.ac.rs\/wp-content\/uploads\/2023\/05\/Masa_Senicic_foto_Jana_Radicevic.jpg 826w, https:\/\/digilab.ifdt.bg.ac.rs\/wp-content\/uploads\/2023\/05\/Masa_Senicic_foto_Jana_Radicevic-300x300.jpg 300w, https:\/\/digilab.ifdt.bg.ac.rs\/wp-content\/uploads\/2023\/05\/Masa_Senicic_foto_Jana_Radicevic-150x150.jpg 150w, https:\/\/digilab.ifdt.bg.ac.rs\/wp-content\/uploads\/2023\/05\/Masa_Senicic_foto_Jana_Radicevic-768x768.jpg 768w\" sizes=\"auto, (max-width: 826px) 100vw, 826px\" \/><\/figure>\n\n\n\n<p><a rel=\"noreferrer noopener\" href=\"https:\/\/www.lit-across-frontiers.org\/profiles\/masa-senicic\/\" target=\"_blank\">Masa Senicic<\/a><br>Faculty of Dramatic Arts Belgrade<\/p>\n<\/div>\n\n\n\n<div class=\"wp-block-column is-layout-flow wp-block-column-is-layout-flow\">\n<figure class=\"wp-block-image size-full\"><img loading=\"lazy\" decoding=\"async\" width=\"300\" height=\"300\" src=\"https:\/\/digilab.ifdt.bg.ac.rs\/wp-content\/uploads\/2023\/05\/marija.jpg\" alt=\"\" class=\"wp-image-144\" srcset=\"https:\/\/digilab.ifdt.bg.ac.rs\/wp-content\/uploads\/2023\/05\/marija.jpg 300w, https:\/\/digilab.ifdt.bg.ac.rs\/wp-content\/uploads\/2023\/05\/marija-150x150.jpg 150w\" sizes=\"auto, (max-width: 300px) 100vw, 300px\" \/><\/figure>\n\n\n\n<p><a rel=\"noreferrer noopener\" href=\"https:\/\/www.instagram.com\/marija_tavcar\/?hl=en\" target=\"_blank\">Marija Tavcar<\/a><br>Faculty of Contemporary Arts Belgrade<\/p>\n<\/div>\n<\/div>\n\n\n\n<div class=\"wp-block-columns is-layout-flex wp-container-core-columns-is-layout-28f84493 wp-block-columns-is-layout-flex\">\n<div class=\"wp-block-column is-layout-flow wp-block-column-is-layout-flow\">\n<figure class=\"wp-block-image size-large\"><img loading=\"lazy\" decoding=\"async\" width=\"1024\" height=\"1024\" src=\"https:\/\/digilab.ifdt.bg.ac.rs\/wp-content\/uploads\/2023\/05\/georg2-1024x1024.png\" alt=\"\" class=\"wp-image-159\" srcset=\"https:\/\/digilab.ifdt.bg.ac.rs\/wp-content\/uploads\/2023\/05\/georg2-1024x1024.png 1024w, https:\/\/digilab.ifdt.bg.ac.rs\/wp-content\/uploads\/2023\/05\/georg2-300x300.png 300w, https:\/\/digilab.ifdt.bg.ac.rs\/wp-content\/uploads\/2023\/05\/georg2-150x150.png 150w, https:\/\/digilab.ifdt.bg.ac.rs\/wp-content\/uploads\/2023\/05\/georg2-768x768.png 768w, https:\/\/digilab.ifdt.bg.ac.rs\/wp-content\/uploads\/2023\/05\/georg2.png 1140w\" sizes=\"auto, (max-width: 1024px) 100vw, 1024px\" \/><\/figure>\n\n\n\n<p><a href=\"https:\/\/fah.um.edu.mo\/hans-georg-moeller\/\" target=\"_blank\" rel=\"noreferrer noopener\">Georg Moeller<\/a><br>University of Macao<\/p>\n<\/div>\n\n\n\n<div class=\"wp-block-column is-layout-flow wp-block-column-is-layout-flow\">\n<figure class=\"wp-block-image size-large\"><img loading=\"lazy\" decoding=\"async\" width=\"1024\" height=\"1024\" src=\"https:\/\/digilab.ifdt.bg.ac.rs\/wp-content\/uploads\/2023\/05\/Biljana2-1024x1024.png\" alt=\"\" class=\"wp-image-176\" srcset=\"https:\/\/digilab.ifdt.bg.ac.rs\/wp-content\/uploads\/2023\/05\/Biljana2-1024x1024.png 1024w, https:\/\/digilab.ifdt.bg.ac.rs\/wp-content\/uploads\/2023\/05\/Biljana2-300x300.png 300w, https:\/\/digilab.ifdt.bg.ac.rs\/wp-content\/uploads\/2023\/05\/Biljana2-150x150.png 150w, https:\/\/digilab.ifdt.bg.ac.rs\/wp-content\/uploads\/2023\/05\/Biljana2-768x768.png 768w, https:\/\/digilab.ifdt.bg.ac.rs\/wp-content\/uploads\/2023\/05\/Biljana2.png 1502w\" sizes=\"auto, (max-width: 1024px) 100vw, 1024px\" \/><\/figure>\n\n\n\n<p><a rel=\"noreferrer noopener\" href=\"https:\/\/fdu.bg.ac.rs\/sr-lat\/fakultet\/nastavno-osoblje\/biljana-mitrovic-247\" target=\"_blank\">Biljana Mitrovic<\/a><br>Faculty of Dramatic Arts Belgrade<\/p>\n<\/div>\n\n\n\n<div class=\"wp-block-column is-layout-flow wp-block-column-is-layout-flow\">\n<figure class=\"wp-block-image size-full\"><img loading=\"lazy\" decoding=\"async\" width=\"500\" height=\"500\" src=\"https:\/\/digilab.ifdt.bg.ac.rs\/wp-content\/uploads\/2023\/05\/bianca.jpeg\" alt=\"\" class=\"wp-image-147\" srcset=\"https:\/\/digilab.ifdt.bg.ac.rs\/wp-content\/uploads\/2023\/05\/bianca.jpeg 500w, https:\/\/digilab.ifdt.bg.ac.rs\/wp-content\/uploads\/2023\/05\/bianca-300x300.jpeg 300w, https:\/\/digilab.ifdt.bg.ac.rs\/wp-content\/uploads\/2023\/05\/bianca-150x150.jpeg 150w\" sizes=\"auto, (max-width: 500px) 100vw, 500px\" \/><\/figure>\n\n\n\n<p><a href=\"https:\/\/www.linkedin.com\/in\/bianca-ferrazza-2b412b1b6\/\" target=\"_blank\" rel=\"noreferrer noopener\">Bianca Ferrazza<\/a><br>Universit\u00e9 Libre de Bruxelles<\/p>\n<\/div>\n\n\n\n<div class=\"wp-block-column is-layout-flow wp-block-column-is-layout-flow\">\n<figure class=\"wp-block-image size-full\"><img loading=\"lazy\" decoding=\"async\" width=\"730\" height=\"726\" src=\"https:\/\/digilab.ifdt.bg.ac.rs\/wp-content\/uploads\/2023\/05\/agariadne.jpg\" alt=\"\" class=\"wp-image-151\" srcset=\"https:\/\/digilab.ifdt.bg.ac.rs\/wp-content\/uploads\/2023\/05\/agariadne.jpg 730w, https:\/\/digilab.ifdt.bg.ac.rs\/wp-content\/uploads\/2023\/05\/agariadne-300x298.jpg 300w, https:\/\/digilab.ifdt.bg.ac.rs\/wp-content\/uploads\/2023\/05\/agariadne-150x150.jpg 150w\" sizes=\"auto, (max-width: 730px) 100vw, 730px\" \/><\/figure>\n\n\n\n<p><a href=\"https:\/\/scholar.google.co.id\/citations?user=t1MxjxcAAAAJ&amp;hl=en\" target=\"_blank\" rel=\"noreferrer noopener\">Agariadne Samala<\/a><br>Universitas Negeri Padang<\/p>\n<\/div>\n<\/div>\n\n\n\n<div style=\"height:100px\" aria-hidden=\"true\" class=\"wp-block-spacer\"><\/div>\n\n\n\n<h2 class=\"wp-block-heading\" id=\"Events\">Events<\/h2>\n\n\n\n<div class=\"wp-block-columns is-layout-flex wp-container-core-columns-is-layout-28f84493 wp-block-columns-is-layout-flex\">\n<div class=\"wp-block-column is-layout-flow wp-block-column-is-layout-flow\">\n<figure class=\"wp-block-embed is-type-video is-provider-youtube wp-block-embed-youtube wp-embed-aspect-16-9 wp-has-aspect-ratio\"><div class=\"wp-block-embed__wrapper\">\n<iframe loading=\"lazy\" title=\"Kevin LaGrandeur -  Emotions, AI, and Ethics\" width=\"500\" height=\"281\" src=\"https:\/\/www.youtube.com\/embed\/CuW2FtSFFGQ?feature=oembed\" frameborder=\"0\" allow=\"accelerometer; autoplay; clipboard-write; encrypted-media; gyroscope; picture-in-picture; web-share\" referrerpolicy=\"strict-origin-when-cross-origin\" allowfullscreen><\/iframe>\n<\/div><\/figure>\n\n\n\n<figure class=\"wp-block-embed is-type-video is-provider-youtube wp-block-embed-youtube wp-embed-aspect-16-9 wp-has-aspect-ratio\"><div class=\"wp-block-embed__wrapper\">\n<iframe loading=\"lazy\" title=\"Michal Kosinski \u2013 The End of Privacy\" width=\"500\" height=\"281\" src=\"https:\/\/www.youtube.com\/embed\/QP5Ujox5DFg?feature=oembed\" frameborder=\"0\" allow=\"accelerometer; autoplay; clipboard-write; encrypted-media; gyroscope; picture-in-picture; web-share\" referrerpolicy=\"strict-origin-when-cross-origin\" allowfullscreen><\/iframe>\n<\/div><\/figure>\n<\/div>\n\n\n\n<div class=\"wp-block-column is-layout-flow wp-block-column-is-layout-flow\">\n<figure class=\"wp-block-embed is-type-video is-provider-youtube wp-block-embed-youtube wp-embed-aspect-16-9 wp-has-aspect-ratio\"><div class=\"wp-block-embed__wrapper\">\n<iframe loading=\"lazy\" title=\"Max Talanov -  Neuropunk Revolution  Robotic Emotions\" width=\"500\" height=\"281\" src=\"https:\/\/www.youtube.com\/embed\/qw1phLbJ1i0?feature=oembed\" frameborder=\"0\" allow=\"accelerometer; autoplay; clipboard-write; encrypted-media; gyroscope; picture-in-picture; web-share\" referrerpolicy=\"strict-origin-when-cross-origin\" allowfullscreen><\/iframe>\n<\/div><\/figure>\n\n\n\n<figure class=\"wp-block-embed is-type-video is-provider-youtube wp-block-embed-youtube wp-embed-aspect-16-9 wp-has-aspect-ratio\"><div class=\"wp-block-embed__wrapper\">\n<iframe loading=\"lazy\" title=\"Silvia Milano - Preferences and alignment in AI systems\" width=\"500\" height=\"281\" src=\"https:\/\/www.youtube.com\/embed\/xioQZW0e0zk?feature=oembed\" frameborder=\"0\" allow=\"accelerometer; autoplay; clipboard-write; encrypted-media; gyroscope; picture-in-picture; web-share\" referrerpolicy=\"strict-origin-when-cross-origin\" allowfullscreen><\/iframe>\n<\/div><\/figure>\n<\/div>\n<\/div>\n\n\n\n<div class=\"wp-block-columns is-layout-flex wp-container-core-columns-is-layout-28f84493 wp-block-columns-is-layout-flex\">\n<div class=\"wp-block-column is-layout-flow wp-block-column-is-layout-flow\">\n<figure class=\"wp-block-embed is-type-video is-provider-youtube wp-block-embed-youtube wp-embed-aspect-16-9 wp-has-aspect-ratio\"><div class=\"wp-block-embed__wrapper\">\n<iframe loading=\"lazy\" title=\"Christof Royer -  Chat GPT and Critical Thinking\" width=\"500\" height=\"281\" src=\"https:\/\/www.youtube.com\/embed\/-w29-1x90oM?feature=oembed\" frameborder=\"0\" allow=\"accelerometer; autoplay; clipboard-write; encrypted-media; gyroscope; picture-in-picture; web-share\" referrerpolicy=\"strict-origin-when-cross-origin\" allowfullscreen><\/iframe>\n<\/div><\/figure>\n<\/div>\n\n\n\n<div class=\"wp-block-column is-layout-flow wp-block-column-is-layout-flow\">\n<figure class=\"wp-block-embed is-type-video is-provider-youtube wp-block-embed-youtube wp-embed-aspect-16-9 wp-has-aspect-ratio\"><div class=\"wp-block-embed__wrapper\">\n<iframe loading=\"lazy\" title=\"Matteo Cinelli - Echo Chambers and Polarization in Online Social Media\" width=\"500\" height=\"281\" src=\"https:\/\/www.youtube.com\/embed\/7mlNUeDPqx0?feature=oembed\" frameborder=\"0\" allow=\"accelerometer; autoplay; clipboard-write; encrypted-media; gyroscope; picture-in-picture; web-share\" referrerpolicy=\"strict-origin-when-cross-origin\" allowfullscreen><\/iframe>\n<\/div><\/figure>\n<\/div>\n<\/div>\n\n\n\n<div class=\"wp-block-columns is-layout-flex wp-container-core-columns-is-layout-28f84493 wp-block-columns-is-layout-flex\">\n<div class=\"wp-block-column is-layout-flow wp-block-column-is-layout-flow\">\n<figure class=\"wp-block-embed is-type-video is-provider-youtube wp-block-embed-youtube wp-embed-aspect-16-9 wp-has-aspect-ratio\"><div class=\"wp-block-embed__wrapper\">\n<iframe loading=\"lazy\" title=\"Robert Braun -  AI and the Anthropocene\" width=\"500\" height=\"281\" src=\"https:\/\/www.youtube.com\/embed\/8_1xVwyRp4U?feature=oembed\" frameborder=\"0\" allow=\"accelerometer; autoplay; clipboard-write; encrypted-media; gyroscope; picture-in-picture; web-share\" referrerpolicy=\"strict-origin-when-cross-origin\" allowfullscreen><\/iframe>\n<\/div><\/figure>\n<\/div>\n\n\n\n<div class=\"wp-block-column is-layout-flow wp-block-column-is-layout-flow\">\n<figure class=\"wp-block-embed is-type-video is-provider-youtube wp-block-embed-youtube wp-embed-aspect-16-9 wp-has-aspect-ratio\"><div class=\"wp-block-embed__wrapper\">\n<iframe loading=\"lazy\" title=\"Acceleration of Global Research on AI\" width=\"500\" height=\"281\" src=\"https:\/\/www.youtube.com\/embed\/ivUQCSwVWIM?feature=oembed\" frameborder=\"0\" allow=\"accelerometer; autoplay; clipboard-write; encrypted-media; gyroscope; picture-in-picture; web-share\" referrerpolicy=\"strict-origin-when-cross-origin\" allowfullscreen><\/iframe>\n<\/div><\/figure>\n<\/div>\n<\/div>\n\n\n\n<p><a href=\"https:\/\/digilab.ifdt.bg.ac.rs\/?page_id=30\">View all events &gt;<\/a><\/p>\n\n\n\n<div style=\"height:100px\" aria-hidden=\"true\" class=\"wp-block-spacer\"><\/div>\n\n\n\n<h2 class=\"wp-block-heading\" id=\"Publications\">Publications<\/h2>\n\n\n\n<p class=\"has-tertiary-background-color has-background\"><br><br>Uspenski, I., &amp; Guga, J. (2022). Embodying Metaverse as artificial life: At the intersection of media and 4E cognition theories. Filozofija i Drustvo, 33(2), 326\u2013345. <a href=\"https:\/\/doi.org\/10.2298\/FID2202326U\">https:\/\/doi.org\/10.2298\/FID2202326U<\/a><br><br>Bojic, L., Kovacevic, P., &amp; Cabarkapa, M. (2023). Gpt-4 surpassing human performance in linguistic pragmatics (arXiv:2312.09545). arXiv. <a href=\"http:\/\/arxiv.org\/abs\/2312.09545\">http:\/\/arxiv.org\/abs\/2312.09545<\/a><br><br>Bojic, L., Cinelli, M., Culibrk, D., &amp; Delibasic, B. (2023). CERN for agi: A theoretical framework for autonomous simulation-based artificial intelligence testing and alignment (arXiv:2312.09402). arXiv. <a href=\"http:\/\/arxiv.org\/abs\/2312.09402\">http:\/\/arxiv.org\/abs\/2312.09402<\/a><br><br>Alipour, S., Galeazzi, A., Sangiorgio, E., Avalle, M., Bojic, L., Cinelli, M., &amp; Quattrociocchi, W. (2023). Cross-platform social dynamics: An analysis of chatgpt and covid-19 vaccine conversations (arXiv:2310.11116). arXiv. <a href=\"http:\/\/arxiv.org\/abs\/2310.11116\">http:\/\/arxiv.org\/abs\/2310.11116<\/a><br><br>Bojic, L. (2022). Metaverse through the prism of power and addiction: What will happen when the virtual world becomes more attractive than reality? European Journal of Futures Research, 10(1), 22. <a href=\"https:\/\/doi.org\/10.1186\/s40309-022-00208-4\">https:\/\/doi.org\/10.1186\/s40309-022-00208-4<\/a><br><br>Boji\u0107, L., Bulatovi\u0107, A., &amp; \u017diki\u0107, S. (2022). The Scary Black Box: AI Driven Recommender Algorithms as The Most Powerful Social Force. Etnoantropolo\u0161ki Problemi \/ Issues in Ethnology and Anthropology, 17(2), 719\u2013744. <a href=\"https:\/\/doi.org\/10.21301\/eap.v17i2.11\">https:\/\/doi.org\/10.21301\/eap.v17i2.11<\/a><br><\/p>\n\n\n\n<p><a href=\"https:\/\/digilab.ifdt.bg.ac.rs\/?page_id=88\">See more &gt;<\/a><\/p>\n\n\n\n<div style=\"height:100px\" aria-hidden=\"true\" class=\"wp-block-spacer\"><\/div>\n\n\n\n<h2 class=\"wp-block-heading\" id=\"Contact\">Contact us<\/h2>\n\n\n\n<p>Follow us on social media: <a rel=\"noreferrer noopener\" href=\"https:\/\/twitter.com\/DSociometrics\" target=\"_blank\">Twitter<\/a> | <a rel=\"noreferrer noopener\" href=\"https:\/\/www.linkedin.com\/company\/30728073\/admin\/\" target=\"_blank\">LinkedIn<\/a> | <a rel=\"noreferrer noopener\" href=\"https:\/\/www.instagram.com\/digitalsociometrics\/\" target=\"_blank\">Instagram<\/a> | <a rel=\"noreferrer noopener\" href=\"https:\/\/www.facebook.com\/people\/Digital-Society-Lab-DigiLab\/100090786848540\/?locale=hi_IN\" target=\"_blank\">Facebook<\/a><br><br><a href=\"https:\/\/docs.google.com\/forms\/d\/e\/1FAIpQLSf9awf_ogOEvfXX35i5vcryCgSJTsJlPrO1qBuEaL5deCWkhA\/viewform?usp=sf_link\" target=\"_blank\" rel=\"noreferrer noopener\">Subscribe<\/a> to our mailing list<br><br>We are looking forward to meeting new people and joining projects and initiatives.<br><a rel=\"noreferrer noopener\" href=\"mailto:digilab@ifdt.bg.ac.rs\" target=\"_blank\">Email us now<\/a><\/p>\n\n\n\n<div style=\"height:100px\" aria-hidden=\"true\" class=\"wp-block-spacer\"><\/div>\n","protected":false},"excerpt":{"rendered":"<p>News 1 January 2024EMERGE 2023 talks are now public on YouTube.Watch now &gt; Read more &gt; All news &gt; About Digital Society Lab at the Institute for Philosophy and Social Theory, University of Belgrade explores the impact of information and communication technologies on society, politics, economy, industry, culture, and art practices, examining how the processes [&hellip;]<\/p>\n","protected":false},"author":1,"featured_media":10,"parent":0,"menu_order":0,"comment_status":"closed","ping_status":"open","template":"","meta":{"footnotes":""},"class_list":["post-2","page","type-page","status-publish","has-post-thumbnail","hentry"],"_links":{"self":[{"href":"https:\/\/digilab.ifdt.bg.ac.rs\/index.php?rest_route=\/wp\/v2\/pages\/2","targetHints":{"allow":["GET"]}}],"collection":[{"href":"https:\/\/digilab.ifdt.bg.ac.rs\/index.php?rest_route=\/wp\/v2\/pages"}],"about":[{"href":"https:\/\/digilab.ifdt.bg.ac.rs\/index.php?rest_route=\/wp\/v2\/types\/page"}],"author":[{"embeddable":true,"href":"https:\/\/digilab.ifdt.bg.ac.rs\/index.php?rest_route=\/wp\/v2\/users\/1"}],"replies":[{"embeddable":true,"href":"https:\/\/digilab.ifdt.bg.ac.rs\/index.php?rest_route=%2Fwp%2Fv2%2Fcomments&post=2"}],"version-history":[{"count":65,"href":"https:\/\/digilab.ifdt.bg.ac.rs\/index.php?rest_route=\/wp\/v2\/pages\/2\/revisions"}],"predecessor-version":[{"id":241,"href":"https:\/\/digilab.ifdt.bg.ac.rs\/index.php?rest_route=\/wp\/v2\/pages\/2\/revisions\/241"}],"wp:featuredmedia":[{"embeddable":true,"href":"https:\/\/digilab.ifdt.bg.ac.rs\/index.php?rest_route=\/wp\/v2\/media\/10"}],"wp:attachment":[{"href":"https:\/\/digilab.ifdt.bg.ac.rs\/index.php?rest_route=%2Fwp%2Fv2%2Fmedia&parent=2"}],"curies":[{"name":"wp","href":"https:\/\/api.w.org\/{rel}","templated":true}]}}